{"id":131,"date":"2023-02-27T21:34:23","date_gmt":"2023-02-27T21:34:23","guid":{"rendered":"https:\/\/www.proeole-be.ch\/?page_id=131"},"modified":"2024-01-01T18:00:30","modified_gmt":"2024-01-01T18:00:30","slug":"liens","status":"publish","type":"page","link":"https:\/\/www.proeole-be.ch\/?page_id=131&lang=fr","title":{"rendered":"Liens"},"content":{"rendered":"\r\n<p class=\"wp-block-paragraph\" style=\"font-weight: 400;\"><strong>Pr\u00e9sentations<br \/><\/strong>Conf\u00e9rence ProEole BE du 15 novembre 2023 \u00e0 Bienne:<br \/><a href=\"https:\/\/www.proeole-be.ch\/wp-content\/uploads\/2024\/01\/Flyer.pdf\">Flyer<\/a><br \/><a href=\"https:\/\/www.proeole-be.ch\/wp-content\/uploads\/2024\/01\/Intervention-SuisseEole.pptx\">Intervention SuisseEole<\/a><br \/><a href=\"https:\/\/www.proeole-be.ch\/wp-content\/uploads\/2024\/01\/Intervention-Canton-Berne.pptx\">intervention Canton de Berne<\/a><\/p>\r\n<p style=\"font-weight: 400;\"><strong>Informations sur l\u2019\u00e9nergie \u00e9olienne<br \/><\/strong><a href=\"https:\/\/www.raumplanung.dij.be.ch\/content\/dam\/raumplanung_dij\/dokumente\/fr\/kantonaler-richtplan\/aktualisierungen\/c-21%20anlagen%20zur%20windenergieproduktion%20foerdern-fr.pdf\">Plan directeur ct. de BE Mesure C_21 \u00ab\u00a0Promouvoir les installations de production d\u2019\u00e9nergie \u00e9olienne\u00a0\u00bb (PDF)<\/a><br \/><a href=\"http:\/\/www.montagnedebuttes.ch\/\">Val-Eole &#8211; Parc \u00e9olien de la\u00a0Montagnes de Buttes<\/a><br \/><a href=\"https:\/\/eole-de-ruz.ch\/\">Eole-de-Ruz &#8211; Parc \u00e9olien de Val-de-Ruz<\/a><br \/><a href=\"https:\/\/www.les4bornes.ch\/\">Parc \u00e9olien bicantonal des Quatre\u00a0bornes<\/a><br \/><a href=\"http:\/\/www.eole-ne.ch\/\">Eole-NE &#8211; site de la votation cantonale de 2014<\/a><br \/><a href=\"https:\/\/www.ne.ch\/autorites\/DDTE\/SCAT\/Documents\/02_Plan_directeur_cantonal\/Concept_eolien_canton_Neuchatel.pdf\">Concept e\u0301olien du Canton de Neucha\u0302tel<\/a><br \/><a href=\"http:\/\/www.parcchasseral.ch\/\">Parc Chasseral<\/a><br \/><a href=\"http:\/\/www.juvent.ch\/fr\">Juvent<\/a>\u00a0<a href=\"https:\/\/www.groupe-e.ch\/fr\/energie\/autres-energies-renouvelables\/professionnels\/eolien\">Groupe E<\/a><br \/><a href=\"https:\/\/www.suisseenergie.ch\/energies-renouvelables\/energie-eolienne\/\">Suisse \u00c9nergie<\/a><br \/><a href=\"http:\/\/www.suisse-eole.ch\/\">Suisse Eole<\/a>\u00a0<a href=\"https:\/\/www.suisse-eole.ch\/fr\/news\/newsletter\/\">(S\u2019abonner la newsletter de Suisse-Eole)<\/a><br \/><a href=\"http:\/\/www.gree-suisse.ch\/\">GREE Suisse<\/a><\/p>\r\n<p style=\"font-weight: 400;\"><strong>Partenaires du Groupe Romand des \u00c9nergies \u00c9oliennes (GREE)<br \/><\/strong><a href=\"https:\/\/www.vd.ch\/themes\/environnement\/energie\/energies-renouvelables-bois-hydraulique-geothermie-profonde-energies-eolienne-et-solaire\/energie-eolienne\/\">\u00c9tat de Vaud<\/a><br \/><a href=\"https:\/\/www.ge.ch\/document\/plan-directeur-energie-2020-2030\">\u00c9tat de Gen\u00e8ve<\/a><br \/><a href=\"https:\/\/www.vs.ch\/documents\/515661\/1819206\/E.6%20Installations%20%E9oliennes.pdf\/6abff1d7-3644-4073-b976-24b1b72293e8\">\u00c9tat du Valais<\/a><br \/><a href=\"https:\/\/www.ne.ch\/autorites\/DDTE\/SCAT\/Documents\/02_Plan_directeur_cantonal\/Concept_eolien_canton_Neuchatel.pdf\">\u00c9tat de Neuch\u00e2tel<\/a><br \/><a href=\"https:\/\/www.fr.ch\/dee\/sde\/actualites\/un-grand-pas-vers-la-production-denergie-eolienne-dans-le-canton\">\u00c9tat de Fribourg<\/a><br \/><a href=\"https:\/\/www.jura.ch\/DEN\/SDT\/Amenagement-du-territoire\/Amenagement-cantonal\/Planification-de-l-energie-eolienne\/Planification-de-l-energie-eolienne.html\">\u00c9tat du Jura<\/a><br \/><a href=\"https:\/\/www.bfe.admin.ch\/bfe\/fr\/home\/approvisionnement\/energies-renouvelables\/energie-eolienne.html\">Conf\u00e9d\u00e9ration suisse<\/a><br \/><a href=\"https:\/\/www.suisse-eole.ch\/fr\/\">Suisse \u00c9ole<\/a><\/p>\r\n<p><strong>ProEole \/ ProWind en Suisse<br \/><\/strong><a href=\"https:\/\/proeole-ne.ch\">Neuch\u00e2tel<\/a><br \/><a href=\"https:\/\/prowindsgarai.ch\">St Gallen \/ Appenzell<\/a><br \/><a href=\"https:\/\/www.prowindthurgau.ch\">Thurgovie<\/a><br \/><a href=\"https:\/\/proeole-vd.ch\">Vaud<\/a><br \/><a href=\"https:\/\/pro-wind-zh.ch\">Zurich<\/a><\/p>\r\n<p style=\"font-weight: 400;\"><strong>Autre(s)<br \/><\/strong><a href=\"http:\/\/www.uvek.admin.ch\/uvek\/fr\/home\/energie\/strategie-energetique-2050.html\">Strat\u00e9gie \u00e9nerg\u00e9tique 2050<\/a><br \/><a href=\"http:\/\/www.are.admin.ch\/are\/fr\/home\/developpement-et-amenagement-du-territoire\/strategie-et-planification\/conceptions-et-plans-sectoriels\/conceptions\/conception-energie-eolienne.html\">ARE.Admin &#8211; Conception \u00e9nergie \u00e9olienne<\/a><br \/><a href=\"https:\/\/swiss-energypark.com\/fr\/\">Accueil\u00a0Swiss Energypark<\/a><\/p>\r\n<p style=\"font-weight: 400;\">\u00a0<\/p>\r\n","protected":false},"excerpt":{"rendered":"<p>Pr\u00e9sentationsConf\u00e9rence ProEole BE du 15 novembre 2023 \u00e0 Bienne:FlyerIntervention SuisseEoleintervention Canton de Berne Informations sur l\u2019\u00e9nergie \u00e9oliennePlan directeur ct. de BE Mesure C_21 \u00ab\u00a0Promouvoir les installations de production d\u2019\u00e9nergie \u00e9olienne\u00a0\u00bb (PDF)Val-Eole &#8211; Parc \u00e9olien de la\u00a0Montagnes de ButtesEole-de-Ruz &#8211; Parc \u00e9olien de Val-de-RuzParc \u00e9olien bicantonal des Quatre\u00a0bornesEole-NE &#8211; site de la votation cantonale de 2014Concept &#8230; <a title=\"Liens\" class=\"read-more\" href=\"https:\/\/www.proeole-be.ch\/?page_id=131&#038;lang=fr\" aria-label=\"En savoir plus sur Liens\">Lire la suite<\/a><\/p>\n","protected":false},"author":1,"featured_media":0,"parent":0,"menu_order":6,"comment_status":"closed","ping_status":"closed","template":"","meta":{"footnotes":""},"class_list":["post-131","page","type-page","status-publish"],"_links":{"self":[{"href":"https:\/\/www.proeole-be.ch\/index.php?rest_route=\/wp\/v2\/pages\/131","targetHints":{"allow":["GET"]}}],"collection":[{"href":"https:\/\/www.proeole-be.ch\/index.php?rest_route=\/wp\/v2\/pages"}],"about":[{"href":"https:\/\/www.proeole-be.ch\/index.php?rest_route=\/wp\/v2\/types\/page"}],"author":[{"embeddable":true,"href":"https:\/\/www.proeole-be.ch\/index.php?rest_route=\/wp\/v2\/users\/1"}],"replies":[{"embeddable":true,"href":"https:\/\/www.proeole-be.ch\/index.php?rest_route=%2Fwp%2Fv2%2Fcomments&post=131"}],"version-history":[{"count":26,"href":"https:\/\/www.proeole-be.ch\/index.php?rest_route=\/wp\/v2\/pages\/131\/revisions"}],"predecessor-version":[{"id":362,"href":"https:\/\/www.proeole-be.ch\/index.php?rest_route=\/wp\/v2\/pages\/131\/revisions\/362"}],"wp:attachment":[{"href":"https:\/\/www.proeole-be.ch\/index.php?rest_route=%2Fwp%2Fv2%2Fmedia&parent=131"}],"curies":[{"name":"wp","href":"https:\/\/api.w.org\/{rel}","templated":true}]}}