{"id":126,"date":"2023-02-27T21:26:19","date_gmt":"2023-02-27T21:26:19","guid":{"rendered":"https:\/\/www.proeole-be.ch\/?page_id=126"},"modified":"2024-06-01T19:51:14","modified_gmt":"2024-06-01T19:51:14","slug":"argumentaires","status":"publish","type":"page","link":"https:\/\/www.proeole-be.ch\/?page_id=126&lang=fr","title":{"rendered":"Dans le Ct. de BE"},"content":{"rendered":"\r\n<p class=\"wp-block-paragraph\"><strong>Le potentiel \u00e9olien du canton de Berne est \u00e9norme! <\/strong><\/p>\r\n<p>15 \u00ab\u00a0p\u00e9rim\u00e8tres propices \u00e0 l&rsquo;implantation d&rsquo;\u00e9oliennes\u00a0\u00bb ont \u00e9t\u00e9 identifi\u00e9s dans notre canton. Dans ces secteurs, les conditions de base en mati\u00e8re d&rsquo;am\u00e9nagement du territoire pour la r\u00e9alisation de projets \u00e9oliens sont \u00e0 priori r\u00e9unies. Selon la strat\u00e9gie \u00e9nerg\u00e9tique 2050 de la Conf\u00e9d\u00e9ration, environ 4,3 t\u00e9rawattheures d&rsquo;\u00e9lectricit\u00e9 \u00e9olienne devraient \u00eatre produits chaque ann\u00e9e en Suisse. Le canton de Berne est cens\u00e9 y contribuer le plus avec un minimum de 0,6 et un maximum de 1,2 t\u00e9rawattheure, ce qui correspond \u00e0 86 &#8211; 176 grandes \u00e9oliennes.<br \/><strong>Il faut donc aller de l&rsquo;avant !<\/strong><\/p>\r\n<p><img loading=\"lazy\" decoding=\"async\" class=\"\" src=\"https:\/\/www.proeole-be.ch\/wp-content\/uploads\/2024\/02\/zonage-be-1.png\" alt=\"Zones \u00e9oliennes BE\" width=\"737\" height=\"400\" \/><\/p>\r\n<p>Infographie: derbund.ch<\/p>\r\n<p>Pour plus de d\u00e9tails sur les \u00ab\u00a0p\u00e9rim\u00e8tres propices \u00e0 l&rsquo;implantation d&rsquo;\u00e9oliennes\u00a0\u00bb dans le canton de Berne, veuillez consulter la \u00ab\u00a0Mesure C_21: Promouvoir les installations de production d\u2019\u00e9nergie \u00e9olienne\u00a0\u00bb:<br \/><strong>\u21fe <a href=\"https:\/\/www.raumplanung.dij.be.ch\/content\/dam\/raumplanung_dij\/dokumente\/fr\/kantonaler-richtplan\/inhalt-des-richtplans\/c-21%20anlagen%20zur%20windenergieproduktion%20foerdern-fr.pdf\">c-21 anlagen zur windenergieproduktion foerdern-fr-2.pdf<\/a><\/strong><\/p>\r\n<p><strong>Dans le Seeland<\/strong><\/p>\r\n<p>Quatre zones sur le canal de Hagneck, au B\u00fcttenberg, \u00e0 Seedorf et \u00e0 Diessbach\/B\u00fcetigen sont jug\u00e9es comme \u00e9tant appropri\u00e9es et d\u00e9finies dans le Plan directeur \u00ab\u00c9nergie \u00e9olienne\u00bb.<br \/>Plus \u00e0 ce sujet: \u00ab\u00a0<a href=\"https:\/\/www.proeole-be.ch\/wp-content\/uploads\/2024\/06\/MM_Regionaler_Richtplan_Windenergie_Beschluss_F.pdf\">Plan directeur \u00ab\u00c9nergie \u00e9olienne\u00bb Bienne-Seeland pr\u00eat \u00e0 \u00eatre adopt\u00e9<\/a>\u00ab\u00a0<\/p>\r\n","protected":false},"excerpt":{"rendered":"<p>Le potentiel \u00e9olien du canton de Berne est \u00e9norme! 15 \u00ab\u00a0p\u00e9rim\u00e8tres propices \u00e0 l&rsquo;implantation d&rsquo;\u00e9oliennes\u00a0\u00bb ont \u00e9t\u00e9 identifi\u00e9s dans notre canton. Dans ces secteurs, les conditions de base en mati\u00e8re d&rsquo;am\u00e9nagement du territoire pour la r\u00e9alisation de projets \u00e9oliens sont \u00e0 priori r\u00e9unies. Selon la strat\u00e9gie \u00e9nerg\u00e9tique 2050 de la Conf\u00e9d\u00e9ration, environ 4,3 t\u00e9rawattheures d&rsquo;\u00e9lectricit\u00e9 &#8230; <a title=\"Dans le Ct. de BE\" class=\"read-more\" href=\"https:\/\/www.proeole-be.ch\/?page_id=126&#038;lang=fr\" aria-label=\"En savoir plus sur Dans le Ct. de BE\">Lire la suite<\/a><\/p>\n","protected":false},"author":1,"featured_media":0,"parent":0,"menu_order":5,"comment_status":"closed","ping_status":"closed","template":"","meta":{"footnotes":""},"class_list":["post-126","page","type-page","status-publish"],"_links":{"self":[{"href":"https:\/\/www.proeole-be.ch\/index.php?rest_route=\/wp\/v2\/pages\/126","targetHints":{"allow":["GET"]}}],"collection":[{"href":"https:\/\/www.proeole-be.ch\/index.php?rest_route=\/wp\/v2\/pages"}],"about":[{"href":"https:\/\/www.proeole-be.ch\/index.php?rest_route=\/wp\/v2\/types\/page"}],"author":[{"embeddable":true,"href":"https:\/\/www.proeole-be.ch\/index.php?rest_route=\/wp\/v2\/users\/1"}],"replies":[{"embeddable":true,"href":"https:\/\/www.proeole-be.ch\/index.php?rest_route=%2Fwp%2Fv2%2Fcomments&post=126"}],"version-history":[{"count":14,"href":"https:\/\/www.proeole-be.ch\/index.php?rest_route=\/wp\/v2\/pages\/126\/revisions"}],"predecessor-version":[{"id":431,"href":"https:\/\/www.proeole-be.ch\/index.php?rest_route=\/wp\/v2\/pages\/126\/revisions\/431"}],"wp:attachment":[{"href":"https:\/\/www.proeole-be.ch\/index.php?rest_route=%2Fwp%2Fv2%2Fmedia&parent=126"}],"curies":[{"name":"wp","href":"https:\/\/api.w.org\/{rel}","templated":true}]}}