{"id":112,"date":"2023-02-27T20:59:21","date_gmt":"2023-02-27T20:59:21","guid":{"rendered":"https:\/\/www.proeole-be.ch\/?page_id=112"},"modified":"2024-05-28T20:03:11","modified_gmt":"2024-05-28T20:03:11","slug":"association","status":"publish","type":"page","link":"https:\/\/www.proeole-be.ch\/?page_id=112&lang=fr","title":{"rendered":"Association"},"content":{"rendered":"<p>L\u2019Association <strong>ProEole Bern\/Berne<\/strong> a \u00e9t\u00e9 officiellement fond\u00e9e le 23 novembre 2022 \u00e0 Douanne BE. T\u00e9l\u00e9chargez les statuts <strong><a href=\"https:\/\/www.proeole-be.ch\/wp-content\/uploads\/2023\/02\/2022-11-23-Statuts-Association-ProEole-BE.pdf\" target=\"_blank\" rel=\"noopener\">ICI<\/a><\/strong>.<\/p>\r\n<div>\u00a0<\/div>\r\n<h6><strong>Rappel des buts : <\/strong><em>\u00ab\u00a0L&rsquo;association a pour but de promouvoir l\u2019\u00e9nergie \u00e9olienne indig\u00e8ne, la transition \u00e9nerg\u00e9tique et de contrer le r\u00e9chauffement climatique dans le respect de l\u2019environnement et du paysage. Nous \u0153uvrons \u00e0 \u00e9tablir un d\u00e9bat serein et bas\u00e9 sur des faits et des chiffres dans le but d\u2019encourager \u00e0 un d\u00e9veloppement durable et \u00e0 taille humaine de l\u2019\u00e9olien dans le canton de Berne.\u00a0\u00bb<br \/><\/em><br \/>ProEole Berne esp\u00e8re r\u00e9ussir \u00e0 d\u00e9montrer \u00e0 un maximum de citoyennes et citoyens bernois que l&rsquo;\u00e9olien est essentiel \u00e0 un approvisionnement \u00e9nerg\u00e9tique stable, durable et local, qu&rsquo;il peut \u00eatre socialement acceptable et \u00e9cologiquement soutenable. L\u2019association collaborera avec d&rsquo;autres associations similaires (SuisseEole et entit\u00e9s ProEole\/ProWind d\u2019autres cantons. Elle se concentrera sur l&rsquo;information et la sensibilisation, tout en soutenant les meilleurs projets \u00e9oliens existants et futurs.<\/h6>\r\n<p><strong>Qui sommes-nous ? <\/strong>ProEole Bern\/Berne regroupe des citoyen(ne)s et des politicien(ne)s ayant un fort int\u00e9r\u00eat pour les th\u00e9matiques li\u00e9es \u00e0 la transition \u00e9nerg\u00e9tique. Notre objectif est de repr\u00e9senter le canton de Berne dans toute sa diversit\u00e9 et l\u2019ensemble de l\u2019\u00e9chiquier politique. <strong>Le comit\u00e9\u00a0:<\/strong><\/p>\r\n<ul>\r\n<li>Co-Pr\u00e9sident : Cyprien Louis<\/li>\r\n<li>Co-Pr\u00e9sident : Christian Steiner<\/li>\r\n<li>Secr\u00e9taire : Daniel Schaller<\/li>\r\n<li>Caissier : Philipp Mattle<\/li>\r\n<li>Membres : Monique Courbat, Barbara Schwickert, Yannick Riesen, Raymond Troehler, Denis Juillard<\/li>\r\n<\/ul>\r\n\r\n<p class=\"wp-block-paragraph\"><strong>Cotisation :<\/strong> <strong>30 CHF<\/strong> par ann\u00e9e <strong>15 CHF<\/strong> par ann\u00e9e pour les petits revenus<\/p>\r\n\r\n\r\n\r\n\r\n\r\n<p class=\"has-medium-font-size wp-block-paragraph\">Nous vous remercions par avance de votre soutien.<\/p>\r\n<p><strong>CH57 0079 0016 6090 5711 0<br \/><\/strong>ProEole Bern<br \/>Thiellestrasse 2<br \/>3238 Gals<\/p>\r\n<p><img loading=\"lazy\" decoding=\"async\" class=\"alignleft wp-image-266 size-full\" src=\"https:\/\/www.proeole-be.ch\/wp-content\/uploads\/2023\/05\/qrbill-1.png\" alt=\"\" width=\"816\" height=\"406\" srcset=\"https:\/\/www.proeole-be.ch\/wp-content\/uploads\/2023\/05\/qrbill-1.png 816w, https:\/\/www.proeole-be.ch\/wp-content\/uploads\/2023\/05\/qrbill-1-300x149.png 300w, https:\/\/www.proeole-be.ch\/wp-content\/uploads\/2023\/05\/qrbill-1-768x382.png 768w\" sizes=\"auto, (max-width: 816px) 100vw, 816px\" \/><\/p>\r\n\r\n<p>&nbsp;<\/p>","protected":false},"excerpt":{"rendered":"<p>L\u2019Association ProEole Bern\/Berne a \u00e9t\u00e9 officiellement fond\u00e9e le 23 novembre 2022 \u00e0 Douanne BE. T\u00e9l\u00e9chargez les statuts ICI. \u00a0 Rappel des buts : \u00ab\u00a0L&rsquo;association a pour but de promouvoir l\u2019\u00e9nergie \u00e9olienne indig\u00e8ne, la transition \u00e9nerg\u00e9tique et de contrer le r\u00e9chauffement climatique dans le respect de l\u2019environnement et du paysage. Nous \u0153uvrons \u00e0 \u00e9tablir un d\u00e9bat &#8230; <a title=\"Association\" class=\"read-more\" href=\"https:\/\/www.proeole-be.ch\/?page_id=112&#038;lang=fr\" aria-label=\"En savoir plus sur Association\">Lire la suite<\/a><\/p>\n","protected":false},"author":1,"featured_media":0,"parent":0,"menu_order":1,"comment_status":"closed","ping_status":"closed","template":"","meta":{"footnotes":""},"class_list":["post-112","page","type-page","status-publish"],"_links":{"self":[{"href":"https:\/\/www.proeole-be.ch\/index.php?rest_route=\/wp\/v2\/pages\/112","targetHints":{"allow":["GET"]}}],"collection":[{"href":"https:\/\/www.proeole-be.ch\/index.php?rest_route=\/wp\/v2\/pages"}],"about":[{"href":"https:\/\/www.proeole-be.ch\/index.php?rest_route=\/wp\/v2\/types\/page"}],"author":[{"embeddable":true,"href":"https:\/\/www.proeole-be.ch\/index.php?rest_route=\/wp\/v2\/users\/1"}],"replies":[{"embeddable":true,"href":"https:\/\/www.proeole-be.ch\/index.php?rest_route=%2Fwp%2Fv2%2Fcomments&post=112"}],"version-history":[{"count":22,"href":"https:\/\/www.proeole-be.ch\/index.php?rest_route=\/wp\/v2\/pages\/112\/revisions"}],"predecessor-version":[{"id":426,"href":"https:\/\/www.proeole-be.ch\/index.php?rest_route=\/wp\/v2\/pages\/112\/revisions\/426"}],"wp:attachment":[{"href":"https:\/\/www.proeole-be.ch\/index.php?rest_route=%2Fwp%2Fv2%2Fmedia&parent=112"}],"curies":[{"name":"wp","href":"https:\/\/api.w.org\/{rel}","templated":true}]}}